{"id":192,"date":"2014-10-07T14:28:48","date_gmt":"2014-10-07T12:28:48","guid":{"rendered":"http:\/\/csm.home.pl\/www\/test\/?page_id=192"},"modified":"2014-10-07T14:32:47","modified_gmt":"2014-10-07T12:32:47","slug":"wystawy","status":"publish","type":"page","link":"https:\/\/halina.bossboss.pl\/?page_id=192","title":{"rendered":"Wystawy"},"content":{"rendered":"<table border=\"0\" width=\"738\" cellspacing=\"20\" cellpadding=\"10\">\n<tbody>\n<tr>\n<td width=\"21\"><strong>1966<\/strong><\/td>\n<td width=\"435\">Dyplom Akademii \u0141\u00f3dzkiej im W\u0142 . Strzemi\u0144skeigo na Wydziale &#8222;Druk&#8221; w pracowni prof. Teresy Tyszkiewicz o Zdzis\u0142awa G\u0142owackiego<\/td>\n<\/tr>\n<tr>\n<td><strong>1967<\/strong><\/td>\n<td>Wystawa zbiorowa &#8222;Zach\u0119ta&#8221; (wyr\u00f3\u017cnienie) Warszawa<\/td>\n<\/tr>\n<tr>\n<td><strong>1984<\/strong><\/td>\n<td>Wystawa Zbiorowa (Dusseldorf)<\/td>\n<\/tr>\n<tr>\n<td><strong>1985<\/strong><\/td>\n<td>Wystawa indywidualna (Dusseldorf)<\/td>\n<\/tr>\n<tr>\n<td><strong>1986<\/strong><\/td>\n<td>Warszawa<\/td>\n<\/tr>\n<tr>\n<td><strong>1987<\/strong><\/td>\n<td>Wystawa zbiorowa (Tokio)<\/td>\n<\/tr>\n<tr>\n<td><strong>1988<\/strong><\/td>\n<td>Wystawa indywidualna (Warszawa)<\/td>\n<\/tr>\n<tr>\n<td><strong>1989<\/strong><\/td>\n<td>Wystawa indywidualna (Warszawa)<\/td>\n<\/tr>\n<tr>\n<td><strong>1991<\/strong><\/td>\n<td>Wystawa indywidualna, Instytut Polski (Londyn)<\/td>\n<\/tr>\n<tr>\n<td><strong>1991<\/strong><\/td>\n<td>Wystawa indywidualna &#8222;Galeria Sadowski&#8221; (W\u0142ochy)<\/td>\n<\/tr>\n<tr>\n<td><strong>1992<\/strong><\/td>\n<td>Wystawa zbiorowa ZRAP (Warszawa)<\/td>\n<\/tr>\n<tr>\n<td><strong>1992<\/strong><\/td>\n<td>Wystawa indywidualna (Lublin)<\/td>\n<\/tr>\n<tr>\n<td><strong>1992<\/strong><\/td>\n<td>Wystawa indywidualna, galeria &#8222;Mito&#8221; (Warszawa)<\/td>\n<\/tr>\n<tr>\n<td><strong>1992<\/strong><\/td>\n<td>Wystawa indywidualna, galeria &#8222;S&#8221;, Warszawa<\/td>\n<\/tr>\n<tr>\n<td><strong>1994<\/strong><\/td>\n<td>Wystawa zbiorowa Mougin (Francja)<\/td>\n<\/tr>\n<tr>\n<td><strong>1997<\/strong><\/td>\n<td>Wystawa zbiorowa, grupa artyst\u00f3w ZRAP (Warszawa)<\/td>\n<\/tr>\n<tr>\n<td><strong>1999<\/strong><\/td>\n<td>Wystawa indywidualna, ko\u015bci\u00f3\u0142 \u015aw. Anny, Warszawa<\/td>\n<\/tr>\n<tr>\n<td><strong>2000<\/strong><\/td>\n<td>Specjalna kolekcja 13 obraz\u00f3w inspirowanych Apokalips\u0105 \u015bw. Jana. Dedykowana ojcu \u015bw. Janowi Paw\u0142owi II w podzi\u0119ce za ponad 20-letni pontyfikat i wszystkie pielgrzymki do Ojczyzny. Kolekcja by\u0142a prezentowana w ko\u015bciele \u015bw. Anny w Warszawie.<\/td>\n<\/tr>\n<tr>\n<td><strong>2002<\/strong><\/td>\n<td>Wystawa indywidualna, galeria &#8222;Mito&#8221;, Warszawa<\/td>\n<\/tr>\n<tr>\n<td><strong>2005<\/strong><\/td>\n<td>Wystawa indywidualna, galeria &#8222;Mito&#8221;, Warszawa<\/td>\n<\/tr>\n<tr>\n<td><strong>2007<\/strong><\/td>\n<td>Wystawa indywidualna, galeria &#8222;Mito&#8221;, Warszawa<\/td>\n<\/tr>\n<tr>\n<td><strong>2009<\/strong><\/td>\n<td>Wystawa indywidualna, galeria &#8222;Mito&#8221;, Warszawa<\/td>\n<\/tr>\n<tr>\n<td><strong>2010<\/strong><\/td>\n<td>Wystawa<\/td>\n<\/tr>\n<tr>\n<td><strong>2011<\/strong><\/td>\n<td>Wystawa<\/td>\n<\/tr>\n<tr>\n<td><strong>2012<\/strong><\/td>\n<td>Wystawa indywidualna, Galeria Ok\u0119cie, Warszawa<\/td>\n<\/tr>\n<tr>\n<td><strong>2013<\/strong><\/td>\n<td>Wystawa zbiorowa, ZPAP, Warszawa<\/td>\n<\/tr>\n<tr>\n<td><strong>2014<\/strong><\/td>\n<td>Wystawa zbiorowa, ZPAP, Warszawa<\/td>\n<\/tr>\n<\/tbody>\n<\/table>\n","protected":false},"excerpt":{"rendered":"<p>1966 Dyplom Akademii \u0141\u00f3dzkiej im W\u0142 . Strzemi\u0144skeigo na Wydziale &#8222;Druk&#8221; w pracowni prof. Teresy Tyszkiewicz o Zdzis\u0142awa G\u0142owackiego 1967 Wystawa zbiorowa &#8222;Zach\u0119ta&#8221; (wyr\u00f3\u017cnienie) Warszawa 1984 Wystawa Zbiorowa (Dusseldorf) 1985 Wystawa indywidualna (Dusseldorf) 1986 Warszawa 1987 Wystawa zbiorowa (Tokio) 1988 Wystawa indywidualna (Warszawa) 1989 Wystawa indywidualna (Warszawa) 1991 Wystawa indywidualna, Instytut Polski (Londyn) 1991 Wystawa [&hellip;]<\/p>\n","protected":false},"author":1,"featured_media":0,"parent":0,"menu_order":0,"comment_status":"open","ping_status":"open","template":"","meta":[],"_links":{"self":[{"href":"https:\/\/halina.bossboss.pl\/index.php?rest_route=\/wp\/v2\/pages\/192"}],"collection":[{"href":"https:\/\/halina.bossboss.pl\/index.php?rest_route=\/wp\/v2\/pages"}],"about":[{"href":"https:\/\/halina.bossboss.pl\/index.php?rest_route=\/wp\/v2\/types\/page"}],"author":[{"embeddable":true,"href":"https:\/\/halina.bossboss.pl\/index.php?rest_route=\/wp\/v2\/users\/1"}],"replies":[{"embeddable":true,"href":"https:\/\/halina.bossboss.pl\/index.php?rest_route=%2Fwp%2Fv2%2Fcomments&post=192"}],"version-history":[{"count":6,"href":"https:\/\/halina.bossboss.pl\/index.php?rest_route=\/wp\/v2\/pages\/192\/revisions"}],"predecessor-version":[{"id":199,"href":"https:\/\/halina.bossboss.pl\/index.php?rest_route=\/wp\/v2\/pages\/192\/revisions\/199"}],"wp:attachment":[{"href":"https:\/\/halina.bossboss.pl\/index.php?rest_route=%2Fwp%2Fv2%2Fmedia&parent=192"}],"curies":[{"name":"wp","href":"https:\/\/api.w.org\/{rel}","templated":true}]}}